{"id":6416,"date":"2023-08-08T10:31:50","date_gmt":"2023-08-08T10:31:50","guid":{"rendered":"https:\/\/www.algaevertical.com\/pacto-da-bioeconomia-azul\/"},"modified":"2024-04-04T14:27:58","modified_gmt":"2024-04-04T14:27:58","slug":"pacto-da-bioeconomia-azul","status":"publish","type":"page","link":"https:\/\/www.algaevertical.com\/pt-pt\/pacto-da-bioeconomia-azul\/","title":{"rendered":"Pacto da Bioeconomia Azul"},"content":{"rendered":"\t\t<div data-elementor-type=\"wp-page\" data-elementor-id=\"6416\" class=\"elementor elementor-6416 elementor-4103\" data-elementor-post-type=\"page\">\n\t\t\t\t\t\t<section class=\"elementor-section elementor-top-section elementor-element elementor-element-233db01 elementor-section-boxed elementor-section-height-default elementor-section-height-default\" data-id=\"233db01\" data-element_type=\"section\" data-e-type=\"section\" data-settings=\"{&quot;background_background&quot;:&quot;classic&quot;}\">\n\t\t\t\t\t\t<div class=\"elementor-container elementor-column-gap-no\">\n\t\t\t\t\t<div class=\"elementor-column elementor-col-100 elementor-top-column elementor-element elementor-element-859d155\" data-id=\"859d155\" data-element_type=\"column\" data-e-type=\"column\">\n\t\t\t<div class=\"elementor-widget-wrap elementor-element-populated\">\n\t\t\t\t\t\t<div class=\"elementor-element elementor-element-1bff3f7 elementor-widget elementor-widget-heading\" data-id=\"1bff3f7\" data-element_type=\"widget\" data-e-type=\"widget\" data-widget_type=\"heading.default\">\n\t\t\t\t<div class=\"elementor-widget-container\">\n\t\t\t\t\t<h1 class=\"elementor-heading-title elementor-size-default\">Pacto da Bioeconomia Azul<\/h1>\t\t\t\t<\/div>\n\t\t\t\t<\/div>\n\t\t\t\t\t<\/div>\n\t\t<\/div>\n\t\t\t\t\t<\/div>\n\t\t<\/section>\n\t\t\t\t<section class=\"elementor-section elementor-top-section elementor-element elementor-element-e156b9a elementor-section-boxed elementor-section-height-default elementor-section-height-default\" data-id=\"e156b9a\" data-element_type=\"section\" data-e-type=\"section\">\n\t\t\t\t\t\t<div class=\"elementor-container elementor-column-gap-no\">\n\t\t\t\t\t<div class=\"elementor-column elementor-col-100 elementor-top-column elementor-element elementor-element-8f9f412\" data-id=\"8f9f412\" data-element_type=\"column\" data-e-type=\"column\">\n\t\t\t<div class=\"elementor-widget-wrap elementor-element-populated\">\n\t\t\t\t\t\t<div class=\"elementor-element elementor-element-08a75fb elementor-widget elementor-widget-image\" data-id=\"08a75fb\" data-element_type=\"widget\" data-e-type=\"widget\" data-widget_type=\"image.default\">\n\t\t\t\t<div class=\"elementor-widget-container\">\n\t\t\t\t\t\t\t\t\t\t\t\t\t\t\t<img fetchpriority=\"high\" decoding=\"async\" width=\"1920\" height=\"1280\" src=\"https:\/\/www.algaevertical.com\/wp-content\/uploads\/2023\/09\/2e3d8fc91a67c3bd10a3f81f87b0b5ba-min.jpg\" class=\"attachment-full size-full wp-image-5307\" alt=\"\" srcset=\"https:\/\/www.algaevertical.com\/wp-content\/uploads\/2023\/09\/2e3d8fc91a67c3bd10a3f81f87b0b5ba-min.jpg 1920w, https:\/\/www.algaevertical.com\/wp-content\/uploads\/2023\/09\/2e3d8fc91a67c3bd10a3f81f87b0b5ba-min-300x200.jpg 300w, https:\/\/www.algaevertical.com\/wp-content\/uploads\/2023\/09\/2e3d8fc91a67c3bd10a3f81f87b0b5ba-min-1024x683.jpg 1024w, https:\/\/www.algaevertical.com\/wp-content\/uploads\/2023\/09\/2e3d8fc91a67c3bd10a3f81f87b0b5ba-min-768x512.jpg 768w, https:\/\/www.algaevertical.com\/wp-content\/uploads\/2023\/09\/2e3d8fc91a67c3bd10a3f81f87b0b5ba-min-1536x1024.jpg 1536w\" sizes=\"(max-width: 1920px) 100vw, 1920px\" \/>\t\t\t\t\t\t\t\t\t\t\t\t\t\t\t<\/div>\n\t\t\t\t<\/div>\n\t\t\t\t<div class=\"elementor-element elementor-element-119773b elementor-widget elementor-widget-text-editor\" data-id=\"119773b\" data-element_type=\"widget\" data-e-type=\"widget\" data-widget_type=\"text-editor.default\">\n\t\t\t\t<div class=\"elementor-widget-container\">\n\t\t\t\t\t\t\t\t\t<p><span style=\"color: #000000;\">O <strong><span style=\"color: #00918e;\">Pacto da BioEconomia Azul<\/span><\/strong> nasceu de uma candidatura \u00e0s agendas mobilizadoras para a Inova\u00e7\u00e3o Empresarial, previstas do Plano de Recupera\u00e7\u00e3o e Resili\u00eancia (PRR). Com o objetivo de dinamizar o sector da bioeconomia azul, a Funda\u00e7\u00e3o Oceano Azul constituiu a Plataforma da Bioeconomia Azul.<\/span><\/p>\n\t\t\t\t\t\t\t\t<\/div>\n\t\t\t\t<\/div>\n\t\t\t\t<div class=\"elementor-element elementor-element-1a748a8 elementor-widget elementor-widget-text-editor\" data-id=\"1a748a8\" data-element_type=\"widget\" data-e-type=\"widget\" data-widget_type=\"text-editor.default\">\n\t\t\t\t<div class=\"elementor-widget-container\">\n\t\t\t\t\t\t\t\t\t<p>Considerando a natureza diferenciadora, multidisciplinar e disruptiva da cria\u00e7\u00e3o Pacto BioEconomia Azul, foi criada, uma nova empresa para o liderar \u2013 a <span style=\"color: #00918e;\"><strong>Inovamar<\/strong><\/span>. A estrutura acionista da Inovamar \u00e9 partilhada pelas empresas l\u00edderes de verticais industriais &#8211; que incluem a Oceano Fresco, Amorim Cork Composites (do Grupo AMORIM), Cofisa, ETSA (do Grupo SEMAPA), TMG, MC Shared Services (do Grupo SONAE) e Necton -, e pela Sociedade Francisco Manuel dos Santos.<\/p>\n<p>A Inovamar \u00e9 a empresa l\u00edder do cons\u00f3rcio, a quem cabe o <strong><span style=\"color: #00918e;\">contacto com as entidades gestoras do PRR<\/span><\/strong>, nomeadamente o IAPMEI. Neste papel, \u00e9 a empresa de <span style=\"color: #00918e;\"><strong>liga\u00e7\u00e3o entre os 83 membros do cons\u00f3rcio e o Estado<\/strong><\/span>. Na execu\u00e7\u00e3o da sua fun\u00e7\u00e3o de l\u00edder, nas diversas atividades de comunica\u00e7\u00e3o e gest\u00e3o do cons\u00f3rcio, articula-se com os l\u00edderes de Work Packages no contexto do modelo de governa\u00e7\u00e3o deste pacto da bioeconomia azul.<\/p>\n\t\t\t\t\t\t\t\t<\/div>\n\t\t\t\t<\/div>\n\t\t\t\t<div class=\"elementor-element elementor-element-0e7f7bc elementor-widget elementor-widget-raven-image\" data-id=\"0e7f7bc\" data-element_type=\"widget\" data-e-type=\"widget\" data-widget_type=\"raven-image.default\">\n\t\t\t\t<div class=\"elementor-widget-container\">\n\t\t\t\t\t\t\t<div class=\"raven-image\">\n\t\t\n\t\t\n\t\t<img decoding=\"async\" width=\"1920\" height=\"1197\" src=\"https:\/\/www.algaevertical.com\/wp-content\/uploads\/2023\/09\/governacao-inovamar-min.jpg\" class=\"attachment-full size-full wp-image-5309\" alt=\"\" srcset=\"https:\/\/www.algaevertical.com\/wp-content\/uploads\/2023\/09\/governacao-inovamar-min.jpg 1920w, https:\/\/www.algaevertical.com\/wp-content\/uploads\/2023\/09\/governacao-inovamar-min-300x187.jpg 300w, https:\/\/www.algaevertical.com\/wp-content\/uploads\/2023\/09\/governacao-inovamar-min-1024x638.jpg 1024w, https:\/\/www.algaevertical.com\/wp-content\/uploads\/2023\/09\/governacao-inovamar-min-768x479.jpg 768w, https:\/\/www.algaevertical.com\/wp-content\/uploads\/2023\/09\/governacao-inovamar-min-1536x958.jpg 1536w\" sizes=\"(max-width: 1920px) 100vw, 1920px\" \/>\t\t<\/div>\n\t\t\t\t\t\t<\/div>\n\t\t\t\t<\/div>\n\t\t\t\t<div class=\"elementor-element elementor-element-434d247 elementor-tablet-align-left elementor-mobile-align-center elementor-align-center elementor-widget elementor-widget-raven-button\" data-id=\"434d247\" data-element_type=\"widget\" data-e-type=\"widget\" data-settings=\"{&quot;turn_to_popup_action_button&quot;:&quot;no&quot;}\" data-widget_type=\"raven-button.default\">\n\t\t\t\t<div class=\"elementor-widget-container\">\n\t\t\t\t\t\t\t<div class=\"raven-widget-wrapper\">\n\t\t\t<a class=\"raven-button raven-button-widget-normal-effect-none  raven-button-text-align-center raven-button-link elementor-animation-grow\" href=\"https:\/\/inovamar.pt\/pt\/o-pacto-da-bioeconomia-azul\" target=\"_blank\">\t\t\t\t<div class=\"raven-button-overlay\" ><\/div>\n\t\t\t\t<span class=\"raven-button-content\">\n\t\t\t\t\t\n\t\t\t\t\t<div class=\"button-text-container\">\n\t\t\t\t\t\t\t\t\t\t\t\t<div class=\"raven-button-texts-wrapper\">\n\t\t\t\t\t\t\t<div class=\"button-text\">\n\t\t\t\t\t\t\t\t<span class=\"raven-button-text\">\n\t\t\t\t\t\t\t\t\tSaber Mais\t\t\t\t\t\t\t\t<\/span>\n\t\t\t\t\t\t\t<\/div>\n\t\t\t\t\t\t\t\t\t\t\t\t\t<\/div>\n\t\t\t\t\t\t\t\t\t\t\t<\/div>\n\t\t\t\t\t\n\t\t\t\t\t\t\t\t\t<\/span>\n\t\t\t<\/a>\t\t<\/div>\n\t\t\t\t\t\t<\/div>\n\t\t\t\t<\/div>\n\t\t\t\t<div class=\"elementor-element elementor-element-3176109 elementor-widget elementor-widget-text-editor\" data-id=\"3176109\" data-element_type=\"widget\" data-e-type=\"widget\" data-widget_type=\"text-editor.default\">\n\t\t\t\t<div class=\"elementor-widget-container\">\n\t\t\t\t\t\t\t\t\t<p>Resultante de um dos 7 sectores de investimento do PBA,<span style=\"color: #078f8d;\"><strong> o WP5 (Algas Verticais)<\/strong><\/span> envolve um total de <span style=\"color: #078f8d;\"><strong>38 entidades,<\/strong><\/span>e visa dotar <strong><span style=\"color: #078f8d;\">o sector nacional das algas<\/span><\/strong> da capacidade e vantagens competitivas necess\u00e1rias, assentes em<span style=\"color: #078f8d;\"><strong> novos produtos, processos e servi\u00e7os sustent\u00e1veis,<\/strong><\/span>para competir nos mercados globais e elevar a marca nacional na bioeconomia azul europeia.<\/p>\n\t\t\t\t\t\t\t\t<\/div>\n\t\t\t\t<\/div>\n\t\t\t\t<div class=\"elementor-element elementor-element-db45960 elementor-widget elementor-widget-text-editor\" data-id=\"db45960\" data-element_type=\"widget\" data-e-type=\"widget\" data-widget_type=\"text-editor.default\">\n\t\t\t\t<div class=\"elementor-widget-container\">\n\t\t\t\t\t\t\t\t\t<p>Mais especificamente, os objectivos deste WP s\u00e3o:<\/p>\n<ol>\n<li>Desenvolver processos de produ\u00e7\u00e3o mais sustent\u00e1veis e digitalizados que resultem num aumento de produtividade e redu\u00e7\u00e3o de custos; <\/li>\n<li>Desenvolver processos mais sustent\u00e1veis de colheita, secagem e processamento\/biorrefina\u00e7\u00e3o de biomassa que promovam a biotecnologia azul para obter novos ingredientes de alto valor e cadeias de valor; <\/li>\n<li>Desenvolver aplica\u00e7\u00f5es inovadoras \u00e0 base de algas para os mercados nutrac\u00eautico e cosmec\u00eautico, refei\u00e7\u00f5es prontas e novos alimentos para consumo humano, novos alimentos funcionais para a aquicultura e o desenvolvimento de novas solu\u00e7\u00f5es agr\u00edcolas (ou seja, biofertilizantes, biopesticidas e estimulantes da microbiota);<\/li>\n<li>Avaliar os requisitos legais necess\u00e1rios para a aprova\u00e7\u00e3o de novos produtos e processos e a sua introdu\u00e7\u00e3o no mercado.<\/li>\n<\/ol>\n\t\t\t\t\t\t\t\t<\/div>\n\t\t\t\t<\/div>\n\t\t\t\t<div class=\"elementor-element elementor-element-e93488a elementor-widget elementor-widget-image\" data-id=\"e93488a\" data-element_type=\"widget\" data-e-type=\"widget\" data-widget_type=\"image.default\">\n\t\t\t\t<div class=\"elementor-widget-container\">\n\t\t\t\t\t\t\t\t\t\t\t\t\t\t\t<img decoding=\"async\" width=\"1919\" height=\"1280\" src=\"https:\/\/www.algaevertical.com\/wp-content\/uploads\/2023\/09\/IMG_9380-1-min.jpg\" class=\"attachment-full size-full wp-image-5705\" alt=\"\" srcset=\"https:\/\/www.algaevertical.com\/wp-content\/uploads\/2023\/09\/IMG_9380-1-min.jpg 1919w, https:\/\/www.algaevertical.com\/wp-content\/uploads\/2023\/09\/IMG_9380-1-min-300x200.jpg 300w, https:\/\/www.algaevertical.com\/wp-content\/uploads\/2023\/09\/IMG_9380-1-min-1024x683.jpg 1024w, https:\/\/www.algaevertical.com\/wp-content\/uploads\/2023\/09\/IMG_9380-1-min-768x512.jpg 768w, https:\/\/www.algaevertical.com\/wp-content\/uploads\/2023\/09\/IMG_9380-1-min-1536x1025.jpg 1536w\" sizes=\"(max-width: 1919px) 100vw, 1919px\" \/>\t\t\t\t\t\t\t\t\t\t\t\t\t\t\t<\/div>\n\t\t\t\t<\/div>\n\t\t\t\t\t<\/div>\n\t\t<\/div>\n\t\t\t\t\t<\/div>\n\t\t<\/section>\n\t\t\t\t<\/div>\n\t\t","protected":false},"excerpt":{"rendered":"<p>Pacto da Bioeconomia Azul O Pacto da BioEconomia Azul nasceu de uma candidatura \u00e0s agendas mobilizadoras para a Inova\u00e7\u00e3o Empresarial, previstas do Plano de Recupera\u00e7\u00e3o e Resili\u00eancia (PRR). Com o objetivo de dinamizar o sector da bioeconomia azul, a Funda\u00e7\u00e3o Oceano Azul constituiu a Plataforma da Bioeconomia Azul. Considerando a natureza diferenciadora, multidisciplinar e disruptiva [&hellip;]<\/p>\n","protected":false},"author":1,"featured_media":0,"parent":0,"menu_order":0,"comment_status":"closed","ping_status":"closed","template":"elementor_header_footer","meta":{"_acf_changed":false,"footnotes":""},"class_list":["post-6416","page","type-page","status-publish","hentry"],"acf":[],"yoast_head":"<!-- This site is optimized with the Yoast SEO plugin v27.2 - https:\/\/yoast.com\/product\/yoast-seo-wordpress\/ -->\n<title>Pacto da Bioeconomia Azul - Algae Vertical<\/title>\n<meta name=\"description\" content=\"Catalisar a inova\u00e7\u00e3o e a sustentabilidade: Inovamar lidera o Pacto para a Bioeconomia Azul com l\u00edderes do sector e a Funda\u00e7\u00e3o Oceano Azul.\" \/>\n<meta name=\"robots\" content=\"index, follow, max-snippet:-1, max-image-preview:large, max-video-preview:-1\" \/>\n<link rel=\"canonical\" href=\"https:\/\/www.algaevertical.com\/pt-pt\/pacto-da-bioeconomia-azul\/\" \/>\n<meta property=\"og:locale\" content=\"pt_PT\" \/>\n<meta property=\"og:type\" content=\"article\" \/>\n<meta property=\"og:title\" content=\"Pacto da Bioeconomia Azul - Algae Vertical\" \/>\n<meta property=\"og:description\" content=\"Catalisar a inova\u00e7\u00e3o e a sustentabilidade: Inovamar lidera o Pacto para a Bioeconomia Azul com l\u00edderes do sector e a Funda\u00e7\u00e3o Oceano Azul.\" \/>\n<meta property=\"og:url\" content=\"https:\/\/www.algaevertical.com\/pt-pt\/pacto-da-bioeconomia-azul\/\" \/>\n<meta property=\"og:site_name\" content=\"Algae Vertical\" \/>\n<meta property=\"article:modified_time\" content=\"2024-04-04T14:27:58+00:00\" \/>\n<meta property=\"og:image\" content=\"https:\/\/www.algaevertical.com\/wp-content\/uploads\/2023\/09\/2e3d8fc91a67c3bd10a3f81f87b0b5ba-min.jpg\" \/>\n<meta name=\"twitter:card\" content=\"summary_large_image\" \/>\n<meta name=\"twitter:label1\" content=\"Tempo estimado de leitura\" \/>\n\t<meta name=\"twitter:data1\" content=\"2 minutos\" \/>\n<script type=\"application\/ld+json\" class=\"yoast-schema-graph\">{\"@context\":\"https:\/\/schema.org\",\"@graph\":[{\"@type\":\"WebPage\",\"@id\":\"https:\/\/www.algaevertical.com\/pt-pt\/pacto-da-bioeconomia-azul\/\",\"url\":\"https:\/\/www.algaevertical.com\/pt-pt\/pacto-da-bioeconomia-azul\/\",\"name\":\"Pacto da Bioeconomia Azul - Algae Vertical\",\"isPartOf\":{\"@id\":\"https:\/\/www.algaevertical.com\/pt-pt\/#website\"},\"primaryImageOfPage\":{\"@id\":\"https:\/\/www.algaevertical.com\/pt-pt\/pacto-da-bioeconomia-azul\/#primaryimage\"},\"image\":{\"@id\":\"https:\/\/www.algaevertical.com\/pt-pt\/pacto-da-bioeconomia-azul\/#primaryimage\"},\"thumbnailUrl\":\"https:\/\/www.algaevertical.com\/wp-content\/uploads\/2023\/09\/2e3d8fc91a67c3bd10a3f81f87b0b5ba-min.jpg\",\"datePublished\":\"2023-08-08T10:31:50+00:00\",\"dateModified\":\"2024-04-04T14:27:58+00:00\",\"description\":\"Catalisar a inova\u00e7\u00e3o e a sustentabilidade: Inovamar lidera o Pacto para a Bioeconomia Azul com l\u00edderes do sector e a Funda\u00e7\u00e3o Oceano Azul.\",\"breadcrumb\":{\"@id\":\"https:\/\/www.algaevertical.com\/pt-pt\/pacto-da-bioeconomia-azul\/#breadcrumb\"},\"inLanguage\":\"pt-PT\",\"potentialAction\":[{\"@type\":\"ReadAction\",\"target\":[\"https:\/\/www.algaevertical.com\/pt-pt\/pacto-da-bioeconomia-azul\/\"]}]},{\"@type\":\"ImageObject\",\"inLanguage\":\"pt-PT\",\"@id\":\"https:\/\/www.algaevertical.com\/pt-pt\/pacto-da-bioeconomia-azul\/#primaryimage\",\"url\":\"https:\/\/www.algaevertical.com\/wp-content\/uploads\/2023\/09\/2e3d8fc91a67c3bd10a3f81f87b0b5ba-min.jpg\",\"contentUrl\":\"https:\/\/www.algaevertical.com\/wp-content\/uploads\/2023\/09\/2e3d8fc91a67c3bd10a3f81f87b0b5ba-min.jpg\"},{\"@type\":\"BreadcrumbList\",\"@id\":\"https:\/\/www.algaevertical.com\/pt-pt\/pacto-da-bioeconomia-azul\/#breadcrumb\",\"itemListElement\":[{\"@type\":\"ListItem\",\"position\":1,\"name\":\"In\u00edcio\",\"item\":\"https:\/\/www.algaevertical.com\/\"},{\"@type\":\"ListItem\",\"position\":2,\"name\":\"Pacto da Bioeconomia Azul\"}]},{\"@type\":\"WebSite\",\"@id\":\"https:\/\/www.algaevertical.com\/pt-pt\/#website\",\"url\":\"https:\/\/www.algaevertical.com\/pt-pt\/\",\"name\":\"Algae Vertical\",\"description\":\"Projecto AlgaeVertical\",\"potentialAction\":[{\"@type\":\"SearchAction\",\"target\":{\"@type\":\"EntryPoint\",\"urlTemplate\":\"https:\/\/www.algaevertical.com\/pt-pt\/?s={search_term_string}\"},\"query-input\":{\"@type\":\"PropertyValueSpecification\",\"valueRequired\":true,\"valueName\":\"search_term_string\"}}],\"inLanguage\":\"pt-PT\"}]}<\/script>\n<!-- \/ Yoast SEO plugin. -->","yoast_head_json":{"title":"Pacto da Bioeconomia Azul - Algae Vertical","description":"Catalisar a inova\u00e7\u00e3o e a sustentabilidade: Inovamar lidera o Pacto para a Bioeconomia Azul com l\u00edderes do sector e a Funda\u00e7\u00e3o Oceano Azul.","robots":{"index":"index","follow":"follow","max-snippet":"max-snippet:-1","max-image-preview":"max-image-preview:large","max-video-preview":"max-video-preview:-1"},"canonical":"https:\/\/www.algaevertical.com\/pt-pt\/pacto-da-bioeconomia-azul\/","og_locale":"pt_PT","og_type":"article","og_title":"Pacto da Bioeconomia Azul - Algae Vertical","og_description":"Catalisar a inova\u00e7\u00e3o e a sustentabilidade: Inovamar lidera o Pacto para a Bioeconomia Azul com l\u00edderes do sector e a Funda\u00e7\u00e3o Oceano Azul.","og_url":"https:\/\/www.algaevertical.com\/pt-pt\/pacto-da-bioeconomia-azul\/","og_site_name":"Algae Vertical","article_modified_time":"2024-04-04T14:27:58+00:00","og_image":[{"url":"https:\/\/www.algaevertical.com\/wp-content\/uploads\/2023\/09\/2e3d8fc91a67c3bd10a3f81f87b0b5ba-min.jpg","type":"","width":"","height":""}],"twitter_card":"summary_large_image","twitter_misc":{"Tempo estimado de leitura":"2 minutos"},"schema":{"@context":"https:\/\/schema.org","@graph":[{"@type":"WebPage","@id":"https:\/\/www.algaevertical.com\/pt-pt\/pacto-da-bioeconomia-azul\/","url":"https:\/\/www.algaevertical.com\/pt-pt\/pacto-da-bioeconomia-azul\/","name":"Pacto da Bioeconomia Azul - Algae Vertical","isPartOf":{"@id":"https:\/\/www.algaevertical.com\/pt-pt\/#website"},"primaryImageOfPage":{"@id":"https:\/\/www.algaevertical.com\/pt-pt\/pacto-da-bioeconomia-azul\/#primaryimage"},"image":{"@id":"https:\/\/www.algaevertical.com\/pt-pt\/pacto-da-bioeconomia-azul\/#primaryimage"},"thumbnailUrl":"https:\/\/www.algaevertical.com\/wp-content\/uploads\/2023\/09\/2e3d8fc91a67c3bd10a3f81f87b0b5ba-min.jpg","datePublished":"2023-08-08T10:31:50+00:00","dateModified":"2024-04-04T14:27:58+00:00","description":"Catalisar a inova\u00e7\u00e3o e a sustentabilidade: Inovamar lidera o Pacto para a Bioeconomia Azul com l\u00edderes do sector e a Funda\u00e7\u00e3o Oceano Azul.","breadcrumb":{"@id":"https:\/\/www.algaevertical.com\/pt-pt\/pacto-da-bioeconomia-azul\/#breadcrumb"},"inLanguage":"pt-PT","potentialAction":[{"@type":"ReadAction","target":["https:\/\/www.algaevertical.com\/pt-pt\/pacto-da-bioeconomia-azul\/"]}]},{"@type":"ImageObject","inLanguage":"pt-PT","@id":"https:\/\/www.algaevertical.com\/pt-pt\/pacto-da-bioeconomia-azul\/#primaryimage","url":"https:\/\/www.algaevertical.com\/wp-content\/uploads\/2023\/09\/2e3d8fc91a67c3bd10a3f81f87b0b5ba-min.jpg","contentUrl":"https:\/\/www.algaevertical.com\/wp-content\/uploads\/2023\/09\/2e3d8fc91a67c3bd10a3f81f87b0b5ba-min.jpg"},{"@type":"BreadcrumbList","@id":"https:\/\/www.algaevertical.com\/pt-pt\/pacto-da-bioeconomia-azul\/#breadcrumb","itemListElement":[{"@type":"ListItem","position":1,"name":"In\u00edcio","item":"https:\/\/www.algaevertical.com\/"},{"@type":"ListItem","position":2,"name":"Pacto da Bioeconomia Azul"}]},{"@type":"WebSite","@id":"https:\/\/www.algaevertical.com\/pt-pt\/#website","url":"https:\/\/www.algaevertical.com\/pt-pt\/","name":"Algae Vertical","description":"Projecto AlgaeVertical","potentialAction":[{"@type":"SearchAction","target":{"@type":"EntryPoint","urlTemplate":"https:\/\/www.algaevertical.com\/pt-pt\/?s={search_term_string}"},"query-input":{"@type":"PropertyValueSpecification","valueRequired":true,"valueName":"search_term_string"}}],"inLanguage":"pt-PT"}]}},"_links":{"self":[{"href":"https:\/\/www.algaevertical.com\/pt-pt\/wp-json\/wp\/v2\/pages\/6416","targetHints":{"allow":["GET"]}}],"collection":[{"href":"https:\/\/www.algaevertical.com\/pt-pt\/wp-json\/wp\/v2\/pages"}],"about":[{"href":"https:\/\/www.algaevertical.com\/pt-pt\/wp-json\/wp\/v2\/types\/page"}],"author":[{"embeddable":true,"href":"https:\/\/www.algaevertical.com\/pt-pt\/wp-json\/wp\/v2\/users\/1"}],"replies":[{"embeddable":true,"href":"https:\/\/www.algaevertical.com\/pt-pt\/wp-json\/wp\/v2\/comments?post=6416"}],"version-history":[{"count":3,"href":"https:\/\/www.algaevertical.com\/pt-pt\/wp-json\/wp\/v2\/pages\/6416\/revisions"}],"predecessor-version":[{"id":6419,"href":"https:\/\/www.algaevertical.com\/pt-pt\/wp-json\/wp\/v2\/pages\/6416\/revisions\/6419"}],"wp:attachment":[{"href":"https:\/\/www.algaevertical.com\/pt-pt\/wp-json\/wp\/v2\/media?parent=6416"}],"curies":[{"name":"wp","href":"https:\/\/api.w.org\/{rel}","templated":true}]}}