{"id":7122,"date":"2024-07-24T16:15:24","date_gmt":"2024-07-24T16:15:24","guid":{"rendered":"https:\/\/www.algaevertical.com\/?page_id=7122"},"modified":"2024-07-24T16:28:41","modified_gmt":"2024-07-24T16:28:41","slug":"noticias","status":"publish","type":"page","link":"https:\/\/www.algaevertical.com\/pt-pt\/media\/noticias\/","title":{"rendered":"Not\u00edcias"},"content":{"rendered":"\t\t<div data-elementor-type=\"wp-page\" data-elementor-id=\"7122\" class=\"elementor elementor-7122\" data-elementor-post-type=\"page\">\n\t\t\t\t\t\t<section class=\"elementor-section elementor-top-section elementor-element elementor-element-62b7e05 elementor-section-boxed elementor-section-height-default elementor-section-height-default\" data-id=\"62b7e05\" data-element_type=\"section\" data-e-type=\"section\" data-settings=\"{&quot;background_background&quot;:&quot;classic&quot;}\">\n\t\t\t\t\t\t<div class=\"elementor-container elementor-column-gap-no\">\n\t\t\t\t\t<div class=\"elementor-column elementor-col-100 elementor-top-column elementor-element elementor-element-511644b\" data-id=\"511644b\" data-element_type=\"column\" data-e-type=\"column\">\n\t\t\t<div class=\"elementor-widget-wrap elementor-element-populated\">\n\t\t\t\t\t\t<div class=\"elementor-element elementor-element-9c22c35 elementor-widget elementor-widget-heading\" data-id=\"9c22c35\" data-element_type=\"widget\" data-e-type=\"widget\" data-widget_type=\"heading.default\">\n\t\t\t\t<div class=\"elementor-widget-container\">\n\t\t\t\t\t<h1 class=\"elementor-heading-title elementor-size-default\">Not\u00edcias<\/h1>\t\t\t\t<\/div>\n\t\t\t\t<\/div>\n\t\t\t\t\t<\/div>\n\t\t<\/div>\n\t\t\t\t\t<\/div>\n\t\t<\/section>\n\t\t\t\t<section class=\"elementor-section elementor-top-section elementor-element elementor-element-6304975 elementor-section-boxed elementor-section-height-default elementor-section-height-default\" data-id=\"6304975\" data-element_type=\"section\" data-e-type=\"section\">\n\t\t\t\t\t\t<div class=\"elementor-container elementor-column-gap-no\">\n\t\t\t\t\t<div class=\"elementor-column elementor-col-100 elementor-top-column elementor-element elementor-element-94244f2\" data-id=\"94244f2\" data-element_type=\"column\" data-e-type=\"column\">\n\t\t\t<div class=\"elementor-widget-wrap elementor-element-populated\">\n\t\t\t\t\t\t<div class=\"elementor-element elementor-element-8ecc804 elementor-widget elementor-widget-heading\" data-id=\"8ecc804\" data-element_type=\"widget\" data-e-type=\"widget\" data-widget_type=\"heading.default\">\n\t\t\t\t<div class=\"elementor-widget-container\">\n\t\t\t\t\t<h2 class=\"elementor-heading-title elementor-size-default\">\u00daltimas novidades<\/h2>\t\t\t\t<\/div>\n\t\t\t\t<\/div>\n\t\t\t\t<div class=\"elementor-element elementor-element-a01c1d0 elementor-widget elementor-widget-raven-posts\" data-id=\"a01c1d0\" data-element_type=\"widget\" data-e-type=\"widget\" data-settings=\"{&quot;classic_mirror_rows&quot;:&quot;yes&quot;,&quot;classic_columns&quot;:&quot;1&quot;,&quot;query_posts_per_page&quot;:&quot;8&quot;,&quot;classic_columns_tablet&quot;:&quot;1&quot;,&quot;classic_pagination_type&quot;:&quot;load_more&quot;,&quot;classic_show_pagination&quot;:&quot;yes&quot;,&quot;_skin&quot;:&quot;classic&quot;,&quot;classic_layout&quot;:&quot;grid&quot;,&quot;classic_columns_mobile&quot;:&quot;1&quot;,&quot;query_offset&quot;:0}\" data-widget_type=\"raven-posts.classic\">\n\t\t\t\t<div class=\"elementor-widget-container\">\n\t\t\t\t\t\t\t<div class=\"raven-posts raven-grid raven-grid-1 raven-grid-mobile-1 raven-grid-tablet-1\" data-post-id=\"7122\" data-archive-query=\"\" data-lang=\"\">\n\t\t\t\t<div class=\"raven-grid-item raven-post-item post-8791 post type-post status-publish format-standard has-post-thumbnail hentry category-noticias\">\n\t\t\t<div class=\"raven-post raven-post-inline raven-post-inline-left\">\n\t\t\t\t\t\t<div class=\"raven-post-image-wrap\">\n\t\t\t<a class=\"raven-post-image raven-image-fit\" href=\"https:\/\/www.algaevertical.com\/pt-pt\/sp4b-destaca-inovacao-alimentar-com-algas-no-lisbon-food-affair\/\"><img fetchpriority=\"high\" decoding=\"async\" width=\"1024\" height=\"768\" src=\"https:\/\/www.algaevertical.com\/wp-content\/uploads\/2026\/03\/WhatsApp-Image-2026-02-10-at-14.08.55-1-1024x768.jpeg\" class=\"attachment-large size-large wp-image-8786\" alt=\"\" srcset=\"https:\/\/www.algaevertical.com\/wp-content\/uploads\/2026\/03\/WhatsApp-Image-2026-02-10-at-14.08.55-1-1024x768.jpeg 1024w, https:\/\/www.algaevertical.com\/wp-content\/uploads\/2026\/03\/WhatsApp-Image-2026-02-10-at-14.08.55-1-300x225.jpeg 300w, https:\/\/www.algaevertical.com\/wp-content\/uploads\/2026\/03\/WhatsApp-Image-2026-02-10-at-14.08.55-1-768x576.jpeg 768w, https:\/\/www.algaevertical.com\/wp-content\/uploads\/2026\/03\/WhatsApp-Image-2026-02-10-at-14.08.55-1-1536x1152.jpeg 1536w, https:\/\/www.algaevertical.com\/wp-content\/uploads\/2026\/03\/WhatsApp-Image-2026-02-10-at-14.08.55-1.jpeg 1600w\" sizes=\"(max-width: 1024px) 100vw, 1024px\" \/> <span class=\"raven-post-image-overlay\"><\/span><\/a>\t\t<\/div>\n\t\t\t\t\t\t<div class=\"raven-post-content\">\n\t\t\t\t\t\t\t<div class=\"raven-post-meta\"><a class=\"raven-post-meta-item raven-post-date\" href=\"https:\/\/www.algaevertical.com\/pt-pt\/2026\/02\/\" rel=\"bookmark\">11 de Fevereiro, 2026<\/a><\/div>\n\t\t<h3 class=\"raven-post-title\"><a class=\"raven-post-title-link\" href=\"https:\/\/www.algaevertical.com\/pt-pt\/sp4b-destaca-inovacao-alimentar-com-algas-no-lisbon-food-affair\/\">SP4b destaca inova\u00e7\u00e3o alimentar com algas no Lisbon Food Affair<\/a><\/h3><div class=\"raven-post-excerpt\">O SP4b, no \u00e2mbito do projeto Vertical Algas, esteve presente no Lisbon Food Affair, um dos maiores palcos nacionais dedicados \u00e0 inova\u00e7\u00e3o no setor alimentar. Durante o evento, o Greencolab dinamizou um workshop de hamb\u00fargueres com algas, proporcionando aos participantes uma experi\u00eancia pr\u00e1tica e inovadora que destacou o potencial destes ingredientes sustent\u00e1veis. Ao longo do evento, perante cerca de 9.000<\/div>\t\t\t\t<\/div>\n\t\t\t<\/div>\n\t\t<\/div>\n\t\t\t\t<div class=\"raven-grid-item raven-post-item post-8717 post type-post status-publish format-standard has-post-thumbnail hentry category-noticias\">\n\t\t\t<div class=\"raven-post raven-post-inline raven-post-inline-left\">\n\t\t\t\t\t\t<div class=\"raven-post-image-wrap\">\n\t\t\t<a class=\"raven-post-image raven-image-fit\" href=\"https:\/\/www.algaevertical.com\/pt-pt\/algae-vertical-reforca-investigacao-colaborativa-no-algaeurope\/\"><img decoding=\"async\" width=\"768\" height=\"1024\" src=\"https:\/\/www.algaevertical.com\/wp-content\/uploads\/2026\/02\/Tamara_AE-768x1024.jpg\" class=\"attachment-large size-large wp-image-8712\" alt=\"\" srcset=\"https:\/\/www.algaevertical.com\/wp-content\/uploads\/2026\/02\/Tamara_AE-768x1024.jpg 768w, https:\/\/www.algaevertical.com\/wp-content\/uploads\/2026\/02\/Tamara_AE-225x300.jpg 225w, https:\/\/www.algaevertical.com\/wp-content\/uploads\/2026\/02\/Tamara_AE-1152x1536.jpg 1152w, https:\/\/www.algaevertical.com\/wp-content\/uploads\/2026\/02\/Tamara_AE.jpg 1536w\" sizes=\"(max-width: 768px) 100vw, 768px\" \/> <span class=\"raven-post-image-overlay\"><\/span><\/a>\t\t<\/div>\n\t\t\t\t\t\t<div class=\"raven-post-content\">\n\t\t\t\t\t\t\t<div class=\"raven-post-meta\"><a class=\"raven-post-meta-item raven-post-date\" href=\"https:\/\/www.algaevertical.com\/pt-pt\/2025\/12\/\" rel=\"bookmark\">12 de Dezembro, 2025<\/a><\/div>\n\t\t<h3 class=\"raven-post-title\"><a class=\"raven-post-title-link\" href=\"https:\/\/www.algaevertical.com\/pt-pt\/algae-vertical-reforca-investigacao-colaborativa-no-algaeurope\/\">Algae Vertical refor\u00e7a investiga\u00e7\u00e3o colaborativa no AlgaEurope<\/a><\/h3><div class=\"raven-post-excerpt\">O projeto\u00a0Vertical Algae esteve, mais uma vez, representado no maior evento anual dedicado \u00e0s algas, a Confer\u00eancia AlgaEurope, realizada de 9 a 12 de dezembro em Riga, Let\u00f3nia.\u00a0Esta presen\u00e7a reafirma o compromisso do projeto em promover a investiga\u00e7\u00e3o, a inova\u00e7\u00e3o e a coopera\u00e7\u00e3o no setor das algas. O AlgaEurope \u00e9 um ponto de encontro privilegiado para cientistas, representantes da ind\u00fastria<\/div>\t\t\t\t<\/div>\n\t\t\t<\/div>\n\t\t<\/div>\n\t\t\t\t<div class=\"raven-grid-item raven-post-item post-8707 post type-post status-publish format-standard has-post-thumbnail hentry category-noticias\">\n\t\t\t<div class=\"raven-post raven-post-inline raven-post-inline-left\">\n\t\t\t\t\t\t<div class=\"raven-post-image-wrap\">\n\t\t\t<a class=\"raven-post-image raven-image-fit\" href=\"https:\/\/www.algaevertical.com\/pt-pt\/projeto-vertical-algas-participa-no-congresso-microbiotec25\/\"><img decoding=\"async\" width=\"877\" height=\"1024\" src=\"https:\/\/www.algaevertical.com\/wp-content\/uploads\/2026\/12\/MonicaFernandes_Microbiotec25_Poster-877x1024.jpeg\" class=\"attachment-large size-large wp-image-8703\" alt=\"\" srcset=\"https:\/\/www.algaevertical.com\/wp-content\/uploads\/2026\/12\/MonicaFernandes_Microbiotec25_Poster-877x1024.jpeg 877w, https:\/\/www.algaevertical.com\/wp-content\/uploads\/2026\/12\/MonicaFernandes_Microbiotec25_Poster-257x300.jpeg 257w, https:\/\/www.algaevertical.com\/wp-content\/uploads\/2026\/12\/MonicaFernandes_Microbiotec25_Poster-768x896.jpeg 768w, https:\/\/www.algaevertical.com\/wp-content\/uploads\/2026\/12\/MonicaFernandes_Microbiotec25_Poster.jpeg 1250w\" sizes=\"(max-width: 877px) 100vw, 877px\" \/> <span class=\"raven-post-image-overlay\"><\/span><\/a>\t\t<\/div>\n\t\t\t\t\t\t<div class=\"raven-post-content\">\n\t\t\t\t\t\t\t<div class=\"raven-post-meta\"><a class=\"raven-post-meta-item raven-post-date\" href=\"https:\/\/www.algaevertical.com\/pt-pt\/2025\/12\/\" rel=\"bookmark\">6 de Dezembro, 2025<\/a><\/div>\n\t\t<h3 class=\"raven-post-title\"><a class=\"raven-post-title-link\" href=\"https:\/\/www.algaevertical.com\/pt-pt\/projeto-vertical-algas-participa-no-congresso-microbiotec25\/\">Projeto Vertical Algas participa no congresso Microbiotec\u201925<\/a><\/h3><div class=\"raven-post-excerpt\">Os copromotores do Projeto Vertical Algas marcaram presen\u00e7a no Microbiotec\u201925, congresso de refer\u00eancia na \u00e1rea da microbiologia e biotecnologia, que decorreu de 4 a 6 de dezembro de 2025, em S\u00e3o Miguel, A\u00e7ores. A participa\u00e7\u00e3o neste encontro cient\u00edfico constituiu uma oportunidade para apresentar o Projeto Vertical Algas e enquadrar o seu trabalho no contexto dos desafios atuais da biotecnologia e<\/div>\t\t\t\t<\/div>\n\t\t\t<\/div>\n\t\t<\/div>\n\t\t\t\t<div class=\"raven-grid-item raven-post-item post-8549 post type-post status-publish format-standard has-post-thumbnail hentry category-noticias\">\n\t\t\t<div class=\"raven-post raven-post-inline raven-post-inline-left\">\n\t\t\t\t\t\t<div class=\"raven-post-image-wrap\">\n\t\t\t<a class=\"raven-post-image raven-image-fit\" href=\"https:\/\/www.algaevertical.com\/pt-pt\/pacto-da-bioeconomia-azul-inovacao-e-colaboracao-em-destaque-no-evento-final\/\"><img loading=\"lazy\" decoding=\"async\" width=\"1024\" height=\"768\" src=\"https:\/\/www.algaevertical.com\/wp-content\/uploads\/2025\/10\/Stand-1024x768.jpeg\" class=\"attachment-large size-large wp-image-8514\" alt=\"\" srcset=\"https:\/\/www.algaevertical.com\/wp-content\/uploads\/2025\/10\/Stand-1024x768.jpeg 1024w, https:\/\/www.algaevertical.com\/wp-content\/uploads\/2025\/10\/Stand-300x225.jpeg 300w, https:\/\/www.algaevertical.com\/wp-content\/uploads\/2025\/10\/Stand-768x576.jpeg 768w, https:\/\/www.algaevertical.com\/wp-content\/uploads\/2025\/10\/Stand-1536x1152.jpeg 1536w, https:\/\/www.algaevertical.com\/wp-content\/uploads\/2025\/10\/Stand-2048x1536.jpeg 2048w\" sizes=\"(max-width: 1024px) 100vw, 1024px\" \/> <span class=\"raven-post-image-overlay\"><\/span><\/a>\t\t<\/div>\n\t\t\t\t\t\t<div class=\"raven-post-content\">\n\t\t\t\t\t\t\t<div class=\"raven-post-meta\"><a class=\"raven-post-meta-item raven-post-date\" href=\"https:\/\/www.algaevertical.com\/pt-pt\/2025\/09\/\" rel=\"bookmark\">25 de Setembro, 2025<\/a><\/div>\n\t\t<h3 class=\"raven-post-title\"><a class=\"raven-post-title-link\" href=\"https:\/\/www.algaevertical.com\/pt-pt\/pacto-da-bioeconomia-azul-inovacao-e-colaboracao-em-destaque-no-evento-final\/\">Pacto da Bioeconomia Azul: inova\u00e7\u00e3o e colabora\u00e7\u00e3o em destaque no evento final<\/a><\/h3><div class=\"raven-post-excerpt\">No dia 25 de setembro, o Porto de Leix\u00f5es, em Matosinhos, acolheu o evento final do Pacto da Bioeconomia Azul, uma mostra representativa dos resultados alcan\u00e7ados no \u00e2mbito do Pacto da Bioeconomia Azul (PBA) liderado pela Inovamar. O encontro reuniu 83 entidades e os 11 setores verticais que comp\u00f5em o Pacto, proporcionando um espa\u00e7o privilegiado para networking e partilha de<\/div>\t\t\t\t<\/div>\n\t\t\t<\/div>\n\t\t<\/div>\n\t\t\t\t<div class=\"raven-grid-item raven-post-item post-8547 post type-post status-publish format-standard has-post-thumbnail hentry category-noticias\">\n\t\t\t<div class=\"raven-post raven-post-inline raven-post-inline-left\">\n\t\t\t\t\t\t<div class=\"raven-post-image-wrap\">\n\t\t\t<a class=\"raven-post-image raven-image-fit\" href=\"https:\/\/www.algaevertical.com\/pt-pt\/vertical-algas-na-aquaculture-europe-2025-inovacoes-em-aquacultura\/\"><img loading=\"lazy\" decoding=\"async\" width=\"1024\" height=\"576\" src=\"https:\/\/www.algaevertical.com\/wp-content\/uploads\/2025\/10\/Rita-Teodosio-1024x576.jpeg\" class=\"attachment-large size-large wp-image-8524\" alt=\"\" srcset=\"https:\/\/www.algaevertical.com\/wp-content\/uploads\/2025\/10\/Rita-Teodosio-1024x576.jpeg 1024w, https:\/\/www.algaevertical.com\/wp-content\/uploads\/2025\/10\/Rita-Teodosio-300x169.jpeg 300w, https:\/\/www.algaevertical.com\/wp-content\/uploads\/2025\/10\/Rita-Teodosio-768x432.jpeg 768w, https:\/\/www.algaevertical.com\/wp-content\/uploads\/2025\/10\/Rita-Teodosio-1536x864.jpeg 1536w, https:\/\/www.algaevertical.com\/wp-content\/uploads\/2025\/10\/Rita-Teodosio.jpeg 1600w\" sizes=\"(max-width: 1024px) 100vw, 1024px\" \/> <span class=\"raven-post-image-overlay\"><\/span><\/a>\t\t<\/div>\n\t\t\t\t\t\t<div class=\"raven-post-content\">\n\t\t\t\t\t\t\t<div class=\"raven-post-meta\"><a class=\"raven-post-meta-item raven-post-date\" href=\"https:\/\/www.algaevertical.com\/pt-pt\/2025\/09\/\" rel=\"bookmark\">25 de Setembro, 2025<\/a><\/div>\n\t\t<h3 class=\"raven-post-title\"><a class=\"raven-post-title-link\" href=\"https:\/\/www.algaevertical.com\/pt-pt\/vertical-algas-na-aquaculture-europe-2025-inovacoes-em-aquacultura\/\">Vertical Algas na Aquaculture Europe 2025: Inova\u00e7\u00f5es em Aquacultura<\/a><\/h3><div class=\"raven-post-excerpt\">O projeto Vertical Algas teve uma presen\u00e7a not\u00e1vel na Aquaculture Europe 2025, realizada em Val\u00eancia, de 22 a 25 de setembro. O evento atraiu cerca de 4.000 participantes, incluindo cientistas, profissionais do setor, estudantes e parceiros estrat\u00e9gicos, tornando-se uma oportunidade \u00fanica para a troca de conhecimentos e partilha de experi\u00eancias. V\u00e1rios co-promotores apresentaram os resultados mais recentes das suas investiga\u00e7\u00f5es<\/div>\t\t\t\t<\/div>\n\t\t\t<\/div>\n\t\t<\/div>\n\t\t\t\t<div class=\"raven-grid-item raven-post-item post-8544 post type-post status-publish format-standard has-post-thumbnail hentry category-noticias\">\n\t\t\t<div class=\"raven-post raven-post-inline raven-post-inline-left\">\n\t\t\t\t\t\t<div class=\"raven-post-image-wrap\">\n\t\t\t<a class=\"raven-post-image raven-image-fit\" href=\"https:\/\/www.algaevertical.com\/pt-pt\/o-regresso-dos-workshops-culinarios-algas-no-menu\/\"><img loading=\"lazy\" decoding=\"async\" width=\"768\" height=\"1024\" src=\"https:\/\/www.algaevertical.com\/wp-content\/uploads\/2025\/10\/IMG_8475-768x1024.jpeg\" class=\"attachment-large size-large wp-image-8535\" alt=\"\" srcset=\"https:\/\/www.algaevertical.com\/wp-content\/uploads\/2025\/10\/IMG_8475-768x1024.jpeg 768w, https:\/\/www.algaevertical.com\/wp-content\/uploads\/2025\/10\/IMG_8475-225x300.jpeg 225w, https:\/\/www.algaevertical.com\/wp-content\/uploads\/2025\/10\/IMG_8475-1152x1536.jpeg 1152w, https:\/\/www.algaevertical.com\/wp-content\/uploads\/2025\/10\/IMG_8475-1536x2048.jpeg 1536w, https:\/\/www.algaevertical.com\/wp-content\/uploads\/2025\/10\/IMG_8475-scaled.jpeg 1920w\" sizes=\"(max-width: 768px) 100vw, 768px\" \/> <span class=\"raven-post-image-overlay\"><\/span><\/a>\t\t<\/div>\n\t\t\t\t\t\t<div class=\"raven-post-content\">\n\t\t\t\t\t\t\t<div class=\"raven-post-meta\"><a class=\"raven-post-meta-item raven-post-date\" href=\"https:\/\/www.algaevertical.com\/pt-pt\/2025\/09\/\" rel=\"bookmark\">10 de Setembro, 2025<\/a><\/div>\n\t\t<h3 class=\"raven-post-title\"><a class=\"raven-post-title-link\" href=\"https:\/\/www.algaevertical.com\/pt-pt\/o-regresso-dos-workshops-culinarios-algas-no-menu\/\">O regresso dos Workshops Culin\u00e1rios &#8220;Algas no Menu&#8221;<\/a><\/h3><div class=\"raven-post-excerpt\">Em setembro, o GreenCoLab, como parte do SP7 \u2013 Divulga\u00e7\u00e3o Alargada, e o SP4b, representado pela Engenheira Alimentar Kricelle Deamici, l\u00edder do Grupo de Trabalho de Alimenta\u00e7\u00e3o e Nutri\u00e7\u00e3o do GreenCoLab, organizou mais um workshop culin\u00e1rio dedicado \u00e0s algas marinhas, em colabora\u00e7\u00e3o com o chef Leonel Pereira, do restaurante CheckIn, em Faro, parceiro do GreenCoLab. Dez novos entusiastas da culin\u00e1ria<\/div>\t\t\t\t<\/div>\n\t\t\t<\/div>\n\t\t<\/div>\n\t\t\t\t<div class=\"raven-grid-item raven-post-item post-8540 post type-post status-publish format-standard has-post-thumbnail hentry category-noticias\">\n\t\t\t<div class=\"raven-post raven-post-inline raven-post-inline-left\">\n\t\t\t\t\t\t<div class=\"raven-post-image-wrap\">\n\t\t\t<a class=\"raven-post-image raven-image-fit\" href=\"https:\/\/www.algaevertical.com\/pt-pt\/algas-e-ciencia-no-festival-f-greencolab-leva-os-jovens-a-explorar-o-mundo-azul\/\"><img loading=\"lazy\" decoding=\"async\" width=\"768\" height=\"1024\" src=\"https:\/\/www.algaevertical.com\/wp-content\/uploads\/2025\/10\/Marcador-768x1024.jpg\" class=\"attachment-large size-large wp-image-8530\" alt=\"\" srcset=\"https:\/\/www.algaevertical.com\/wp-content\/uploads\/2025\/10\/Marcador-768x1024.jpg 768w, https:\/\/www.algaevertical.com\/wp-content\/uploads\/2025\/10\/Marcador-225x300.jpg 225w, https:\/\/www.algaevertical.com\/wp-content\/uploads\/2025\/10\/Marcador-1152x1536.jpg 1152w, https:\/\/www.algaevertical.com\/wp-content\/uploads\/2025\/10\/Marcador.jpg 1500w\" sizes=\"(max-width: 768px) 100vw, 768px\" \/> <span class=\"raven-post-image-overlay\"><\/span><\/a>\t\t<\/div>\n\t\t\t\t\t\t<div class=\"raven-post-content\">\n\t\t\t\t\t\t\t<div class=\"raven-post-meta\"><a class=\"raven-post-meta-item raven-post-date\" href=\"https:\/\/www.algaevertical.com\/pt-pt\/2025\/09\/\" rel=\"bookmark\">4 de Setembro, 2025<\/a><\/div>\n\t\t<h3 class=\"raven-post-title\"><a class=\"raven-post-title-link\" href=\"https:\/\/www.algaevertical.com\/pt-pt\/algas-e-ciencia-no-festival-f-greencolab-leva-os-jovens-a-explorar-o-mundo-azul\/\">Algas e Ci\u00eancia no Festival F: GreenCoLab leva os jovens a explorar o mundo azul<\/a><\/h3><div class=\"raven-post-excerpt\">A ci\u00eancia tamb\u00e9m teve um papel de destaque na 10.\u00aa edi\u00e7\u00e3o do Festival F em Faro. O GreenCoLab esteve presente no espa\u00e7o Fagar Kids F, apresentando \u00e0s crian\u00e7as o fascinante mundo das algas por meio de uma s\u00e9rie de atividades interativas e educativas. Num festival conhecido pela sua import\u00e2ncia cultural e musical, pretendemos demonstrar que a ci\u00eancia tamb\u00e9m pode e<\/div>\t\t\t\t<\/div>\n\t\t\t<\/div>\n\t\t<\/div>\n\t\t\t\t<div class=\"raven-grid-item raven-post-item post-8362 post type-post status-publish format-standard has-post-thumbnail hentry category-noticias\">\n\t\t\t<div class=\"raven-post raven-post-inline raven-post-inline-left\">\n\t\t\t\t\t\t<div class=\"raven-post-image-wrap\">\n\t\t\t<a class=\"raven-post-image raven-image-fit\" href=\"https:\/\/www.algaevertical.com\/pt-pt\/sumol-compal-apresenta-molho-de-tomate-com-alga-portuguesa-e-biologica\/\"><img loading=\"lazy\" decoding=\"async\" width=\"706\" height=\"1024\" src=\"https:\/\/www.algaevertical.com\/wp-content\/uploads\/2025\/07\/Tomate-com-Alga-706x1024.jpeg\" class=\"attachment-large size-large wp-image-8363\" alt=\"\" srcset=\"https:\/\/www.algaevertical.com\/wp-content\/uploads\/2025\/07\/Tomate-com-Alga-706x1024.jpeg 706w, https:\/\/www.algaevertical.com\/wp-content\/uploads\/2025\/07\/Tomate-com-Alga-207x300.jpeg 207w, https:\/\/www.algaevertical.com\/wp-content\/uploads\/2025\/07\/Tomate-com-Alga.jpeg 755w\" sizes=\"(max-width: 706px) 100vw, 706px\" \/> <span class=\"raven-post-image-overlay\"><\/span><\/a>\t\t<\/div>\n\t\t\t\t\t\t<div class=\"raven-post-content\">\n\t\t\t\t\t\t\t<div class=\"raven-post-meta\"><a class=\"raven-post-meta-item raven-post-date\" href=\"https:\/\/www.algaevertical.com\/pt-pt\/2025\/06\/\" rel=\"bookmark\">30 de Junho, 2025<\/a><\/div>\n\t\t<h3 class=\"raven-post-title\"><a class=\"raven-post-title-link\" href=\"https:\/\/www.algaevertical.com\/pt-pt\/sumol-compal-apresenta-molho-de-tomate-com-alga-portuguesa-e-biologica\/\">Sumol Compal Apresenta Molho de Tomate com Alga Portuguesa e Biol\u00f3gica<\/a><\/h3><div class=\"raven-post-excerpt\">No \u00e2mbito do projeto SP4a &#8220;Sea to Fork&#8221;, a Sumol Compal acaba de lan\u00e7ar um molho de tomate inovador, enriquecido com Fucus vesiculosus, uma alga 100% portuguesa e biol\u00f3gica. Esta mat\u00e9ria-prima foi cultivada de forma controlada e sustent\u00e1vel pelo copromotor ALGAplus, assegurando qualidade e respeito pelo ambiente. Sem adi\u00e7\u00e3o de sal ou conservantes, este novo molho \u00e9 uma op\u00e7\u00e3o saud\u00e1vel<\/div>\t\t\t\t<\/div>\n\t\t\t<\/div>\n\t\t<\/div>\n\t\t\t\t<\/div>\n\t\t\t\t<div class=\"raven-load-more\" data-settings=\"{&quot;maxNumPages&quot;:9}\">\n\t\t\t<a class=\"raven-load-more-button\" href=\"#\"><span class=\"raven-post-button-text\">Ver Mais<\/span><\/a>\n\t\t<\/div>\n\t\t\t\t\t\t<\/div>\n\t\t\t\t<\/div>\n\t\t\t\t\t<\/div>\n\t\t<\/div>\n\t\t\t\t\t<\/div>\n\t\t<\/section>\n\t\t\t\t<\/div>\n\t\t","protected":false},"excerpt":{"rendered":"<p>Not\u00edcias \u00daltimas novidades Junho 22, 2024 ISAP \u2013 8\u00ba Congresso da Sociedade Internacional de Ficologia Aplicada De 16 a 21 de junho, ocorreu no Porto o 8\u00ba Congresso da Sociedade Internacional de Fisiologia Aplicada (ISAP). O tema deste ano foi \u201cAlgas 2030: Oportunidades e Desafios\u201d, e o projeto Algae Vertical esteve representado por diversos co-promotores [&hellip;]<\/p>\n","protected":false},"author":1,"featured_media":0,"parent":6480,"menu_order":5,"comment_status":"closed","ping_status":"closed","template":"elementor_header_footer","meta":{"_acf_changed":false,"footnotes":""},"class_list":["post-7122","page","type-page","status-publish","hentry"],"acf":[],"yoast_head":"<!-- This site is optimized with the Yoast SEO plugin v27.2 - https:\/\/yoast.com\/product\/yoast-seo-wordpress\/ -->\n<title>Consulte as nossas not\u00edcias na nossa p\u00e1gina Media - Algae Vertical<\/title>\n<meta name=\"description\" content=\"Explore o nosso blogue para obter as \u00faltimas actualiza\u00e7\u00f5es, tend\u00eancias e artigos aprofundados sobre t\u00f3picos que impulsionam a inova\u00e7\u00e3o e a sustentabilidade.\" \/>\n<meta name=\"robots\" content=\"index, follow, max-snippet:-1, max-image-preview:large, max-video-preview:-1\" \/>\n<link rel=\"canonical\" href=\"https:\/\/www.algaevertical.com\/pt-pt\/media\/noticias\/\" \/>\n<meta property=\"og:locale\" content=\"pt_PT\" \/>\n<meta property=\"og:type\" content=\"article\" \/>\n<meta property=\"og:title\" content=\"Consulte as nossas not\u00edcias na nossa p\u00e1gina Media - Algae Vertical\" \/>\n<meta property=\"og:description\" content=\"Explore o nosso blogue para obter as \u00faltimas actualiza\u00e7\u00f5es, tend\u00eancias e artigos aprofundados sobre t\u00f3picos que impulsionam a inova\u00e7\u00e3o e a sustentabilidade.\" \/>\n<meta property=\"og:url\" content=\"https:\/\/www.algaevertical.com\/pt-pt\/media\/noticias\/\" \/>\n<meta property=\"og:site_name\" content=\"Algae Vertical\" \/>\n<meta property=\"article:modified_time\" content=\"2024-07-24T16:28:41+00:00\" \/>\n<meta property=\"og:image\" content=\"https:\/\/www.algaevertical.com\/wp-content\/uploads\/2024\/07\/isap2024_RGB-1-1024x886-1.png\" \/>\n<meta name=\"twitter:card\" content=\"summary_large_image\" \/>\n<meta name=\"twitter:label1\" content=\"Tempo estimado de leitura\" \/>\n\t<meta name=\"twitter:data1\" content=\"5 minutos\" \/>\n<script type=\"application\/ld+json\" class=\"yoast-schema-graph\">{\"@context\":\"https:\/\/schema.org\",\"@graph\":[{\"@type\":\"WebPage\",\"@id\":\"https:\/\/www.algaevertical.com\/pt-pt\/media\/noticias\/\",\"url\":\"https:\/\/www.algaevertical.com\/pt-pt\/media\/noticias\/\",\"name\":\"Consulte as nossas not\u00edcias na nossa p\u00e1gina Media - Algae Vertical\",\"isPartOf\":{\"@id\":\"https:\/\/www.algaevertical.com\/pt-pt\/#website\"},\"primaryImageOfPage\":{\"@id\":\"https:\/\/www.algaevertical.com\/pt-pt\/media\/noticias\/#primaryimage\"},\"image\":{\"@id\":\"https:\/\/www.algaevertical.com\/pt-pt\/media\/noticias\/#primaryimage\"},\"thumbnailUrl\":\"https:\/\/www.algaevertical.com\/wp-content\/uploads\/2024\/07\/isap2024_RGB-1-1024x886-1.png\",\"datePublished\":\"2024-07-24T16:15:24+00:00\",\"dateModified\":\"2024-07-24T16:28:41+00:00\",\"description\":\"Explore o nosso blogue para obter as \u00faltimas actualiza\u00e7\u00f5es, tend\u00eancias e artigos aprofundados sobre t\u00f3picos que impulsionam a inova\u00e7\u00e3o e a sustentabilidade.\",\"breadcrumb\":{\"@id\":\"https:\/\/www.algaevertical.com\/pt-pt\/media\/noticias\/#breadcrumb\"},\"inLanguage\":\"pt-PT\",\"potentialAction\":[{\"@type\":\"ReadAction\",\"target\":[\"https:\/\/www.algaevertical.com\/pt-pt\/media\/noticias\/\"]}]},{\"@type\":\"ImageObject\",\"inLanguage\":\"pt-PT\",\"@id\":\"https:\/\/www.algaevertical.com\/pt-pt\/media\/noticias\/#primaryimage\",\"url\":\"https:\/\/www.algaevertical.com\/wp-content\/uploads\/2024\/07\/isap2024_RGB-1-1024x886-1.png\",\"contentUrl\":\"https:\/\/www.algaevertical.com\/wp-content\/uploads\/2024\/07\/isap2024_RGB-1-1024x886-1.png\"},{\"@type\":\"BreadcrumbList\",\"@id\":\"https:\/\/www.algaevertical.com\/pt-pt\/media\/noticias\/#breadcrumb\",\"itemListElement\":[{\"@type\":\"ListItem\",\"position\":1,\"name\":\"In\u00edcio\",\"item\":\"https:\/\/www.algaevertical.com\/\"},{\"@type\":\"ListItem\",\"position\":2,\"name\":\"Media\",\"item\":\"https:\/\/www.algaevertical.com\/pt-pt\/media\/\"},{\"@type\":\"ListItem\",\"position\":3,\"name\":\"Not\u00edcias\"}]},{\"@type\":\"WebSite\",\"@id\":\"https:\/\/www.algaevertical.com\/pt-pt\/#website\",\"url\":\"https:\/\/www.algaevertical.com\/pt-pt\/\",\"name\":\"Algae Vertical\",\"description\":\"Projecto AlgaeVertical\",\"potentialAction\":[{\"@type\":\"SearchAction\",\"target\":{\"@type\":\"EntryPoint\",\"urlTemplate\":\"https:\/\/www.algaevertical.com\/pt-pt\/?s={search_term_string}\"},\"query-input\":{\"@type\":\"PropertyValueSpecification\",\"valueRequired\":true,\"valueName\":\"search_term_string\"}}],\"inLanguage\":\"pt-PT\"}]}<\/script>\n<!-- \/ Yoast SEO plugin. -->","yoast_head_json":{"title":"Consulte as nossas not\u00edcias na nossa p\u00e1gina Media - Algae Vertical","description":"Explore o nosso blogue para obter as \u00faltimas actualiza\u00e7\u00f5es, tend\u00eancias e artigos aprofundados sobre t\u00f3picos que impulsionam a inova\u00e7\u00e3o e a sustentabilidade.","robots":{"index":"index","follow":"follow","max-snippet":"max-snippet:-1","max-image-preview":"max-image-preview:large","max-video-preview":"max-video-preview:-1"},"canonical":"https:\/\/www.algaevertical.com\/pt-pt\/media\/noticias\/","og_locale":"pt_PT","og_type":"article","og_title":"Consulte as nossas not\u00edcias na nossa p\u00e1gina Media - Algae Vertical","og_description":"Explore o nosso blogue para obter as \u00faltimas actualiza\u00e7\u00f5es, tend\u00eancias e artigos aprofundados sobre t\u00f3picos que impulsionam a inova\u00e7\u00e3o e a sustentabilidade.","og_url":"https:\/\/www.algaevertical.com\/pt-pt\/media\/noticias\/","og_site_name":"Algae Vertical","article_modified_time":"2024-07-24T16:28:41+00:00","og_image":[{"url":"https:\/\/www.algaevertical.com\/wp-content\/uploads\/2024\/07\/isap2024_RGB-1-1024x886-1.png","type":"","width":"","height":""}],"twitter_card":"summary_large_image","twitter_misc":{"Tempo estimado de leitura":"5 minutos"},"schema":{"@context":"https:\/\/schema.org","@graph":[{"@type":"WebPage","@id":"https:\/\/www.algaevertical.com\/pt-pt\/media\/noticias\/","url":"https:\/\/www.algaevertical.com\/pt-pt\/media\/noticias\/","name":"Consulte as nossas not\u00edcias na nossa p\u00e1gina Media - Algae Vertical","isPartOf":{"@id":"https:\/\/www.algaevertical.com\/pt-pt\/#website"},"primaryImageOfPage":{"@id":"https:\/\/www.algaevertical.com\/pt-pt\/media\/noticias\/#primaryimage"},"image":{"@id":"https:\/\/www.algaevertical.com\/pt-pt\/media\/noticias\/#primaryimage"},"thumbnailUrl":"https:\/\/www.algaevertical.com\/wp-content\/uploads\/2024\/07\/isap2024_RGB-1-1024x886-1.png","datePublished":"2024-07-24T16:15:24+00:00","dateModified":"2024-07-24T16:28:41+00:00","description":"Explore o nosso blogue para obter as \u00faltimas actualiza\u00e7\u00f5es, tend\u00eancias e artigos aprofundados sobre t\u00f3picos que impulsionam a inova\u00e7\u00e3o e a sustentabilidade.","breadcrumb":{"@id":"https:\/\/www.algaevertical.com\/pt-pt\/media\/noticias\/#breadcrumb"},"inLanguage":"pt-PT","potentialAction":[{"@type":"ReadAction","target":["https:\/\/www.algaevertical.com\/pt-pt\/media\/noticias\/"]}]},{"@type":"ImageObject","inLanguage":"pt-PT","@id":"https:\/\/www.algaevertical.com\/pt-pt\/media\/noticias\/#primaryimage","url":"https:\/\/www.algaevertical.com\/wp-content\/uploads\/2024\/07\/isap2024_RGB-1-1024x886-1.png","contentUrl":"https:\/\/www.algaevertical.com\/wp-content\/uploads\/2024\/07\/isap2024_RGB-1-1024x886-1.png"},{"@type":"BreadcrumbList","@id":"https:\/\/www.algaevertical.com\/pt-pt\/media\/noticias\/#breadcrumb","itemListElement":[{"@type":"ListItem","position":1,"name":"In\u00edcio","item":"https:\/\/www.algaevertical.com\/"},{"@type":"ListItem","position":2,"name":"Media","item":"https:\/\/www.algaevertical.com\/pt-pt\/media\/"},{"@type":"ListItem","position":3,"name":"Not\u00edcias"}]},{"@type":"WebSite","@id":"https:\/\/www.algaevertical.com\/pt-pt\/#website","url":"https:\/\/www.algaevertical.com\/pt-pt\/","name":"Algae Vertical","description":"Projecto AlgaeVertical","potentialAction":[{"@type":"SearchAction","target":{"@type":"EntryPoint","urlTemplate":"https:\/\/www.algaevertical.com\/pt-pt\/?s={search_term_string}"},"query-input":{"@type":"PropertyValueSpecification","valueRequired":true,"valueName":"search_term_string"}}],"inLanguage":"pt-PT"}]}},"_links":{"self":[{"href":"https:\/\/www.algaevertical.com\/pt-pt\/wp-json\/wp\/v2\/pages\/7122","targetHints":{"allow":["GET"]}}],"collection":[{"href":"https:\/\/www.algaevertical.com\/pt-pt\/wp-json\/wp\/v2\/pages"}],"about":[{"href":"https:\/\/www.algaevertical.com\/pt-pt\/wp-json\/wp\/v2\/types\/page"}],"author":[{"embeddable":true,"href":"https:\/\/www.algaevertical.com\/pt-pt\/wp-json\/wp\/v2\/users\/1"}],"replies":[{"embeddable":true,"href":"https:\/\/www.algaevertical.com\/pt-pt\/wp-json\/wp\/v2\/comments?post=7122"}],"version-history":[{"count":10,"href":"https:\/\/www.algaevertical.com\/pt-pt\/wp-json\/wp\/v2\/pages\/7122\/revisions"}],"predecessor-version":[{"id":7526,"href":"https:\/\/www.algaevertical.com\/pt-pt\/wp-json\/wp\/v2\/pages\/7122\/revisions\/7526"}],"up":[{"embeddable":true,"href":"https:\/\/www.algaevertical.com\/pt-pt\/wp-json\/wp\/v2\/pages\/6480"}],"wp:attachment":[{"href":"https:\/\/www.algaevertical.com\/pt-pt\/wp-json\/wp\/v2\/media?parent=7122"}],"curies":[{"name":"wp","href":"https:\/\/api.w.org\/{rel}","templated":true}]}}